{"id":2255,"date":"2023-04-11T13:00:54","date_gmt":"2023-04-11T11:00:54","guid":{"rendered":"http:\/\/mich.center\/?page_id=2255"},"modified":"2025-03-04T09:35:49","modified_gmt":"2025-03-04T08:35:49","slug":"partner","status":"publish","type":"page","link":"https:\/\/mich.center\/index.php\/partner\/","title":{"rendered":"Partner"},"content":{"rendered":"<div id=\"pl-2255\"  class=\"panel-layout\" ><div id=\"pg-2255-0\"  class=\"panel-grid panel-no-style\" ><div id=\"pgc-2255-0-0\"  class=\"panel-grid-cell\" ><div class=\"partner panel-cell-style panel-cell-style-for-2255-0-0\" ><div id=\"panel-2255-0-0-0\" class=\"so-panel widget widget_media_image panel-first-child\" data-index=\"0\" ><img width=\"300\" height=\"97\" src=\"https:\/\/mich.center\/wp-content\/uploads\/2023\/04\/agci-logo-300x97.png\" class=\"image wp-image-2270  attachment-medium size-medium\" alt=\"Associazione Generale Cooperative Italiane\" loading=\"lazy\" style=\"max-width: 100%; height: auto;\" srcset=\"https:\/\/mich.center\/wp-content\/uploads\/2023\/04\/agci-logo-300x97.png 300w, https:\/\/mich.center\/wp-content\/uploads\/2023\/04\/agci-logo-768x247.png 768w, https:\/\/mich.center\/wp-content\/uploads\/2023\/04\/agci-logo-600x193.png 600w, https:\/\/mich.center\/wp-content\/uploads\/2023\/04\/agci-logo.png 1000w\" sizes=\"(max-width: 300px) 100vw, 300px\" \/><\/div><div id=\"panel-2255-0-0-1\" class=\"so-panel widget widget_text\" data-index=\"1\" >\t\t\t<div class=\"textwidget\"><hr style=\"border: 3px solid #7bba48; border-radius: 2px; width: 30%; margin: 30px 35% 20px 35%;\" \/>\n<h3 style=\"text-transform: uppercase; font-size: 22px; text-align: center;\">AGCI<\/h3>\n<p style=\"text-align: center;\">L\u2019 A.G.C.I., coerentemente con i principi statutari e lo spirito riformatore e progressista, \u00e8 un&#8217;associazione impegnata nell&#8217;elaborazione di un progetto generale di sviluppo che si fonda sull&#8217;economia di mercato e sulla libera circolazione delle idee, delle persone e delle merci.<\/p>\n<\/div>\n\t\t<\/div><div id=\"panel-2255-0-0-2\" class=\"widget_text so-panel widget widget_custom_html panel-last-child\" data-index=\"2\" ><div class=\"textwidget custom-html-widget\"><a href=\"https:\/\/www.agci.it\/\" class=\"btn-partner\" target=\"_blank\" rel=\"noopener noreferrer\">Vai al sito<\/a><\/div><\/div><\/div><\/div><div id=\"pgc-2255-0-1\"  class=\"panel-grid-cell\" ><div class=\"partner panel-cell-style panel-cell-style-for-2255-0-1\" ><div id=\"panel-2255-0-1-0\" class=\"so-panel widget widget_media_image panel-first-child\" data-index=\"3\" ><img width=\"271\" height=\"104\" src=\"https:\/\/mich.center\/wp-content\/uploads\/2023\/04\/unimc-logo.png\" class=\"image wp-image-2299  attachment-full size-full\" alt=\"Universit\u00e0 di Macerata\" loading=\"lazy\" style=\"max-width: 100%; height: auto;\" \/><\/div><div id=\"panel-2255-0-1-1\" class=\"so-panel widget widget_text\" data-index=\"4\" >\t\t\t<div class=\"textwidget\"><hr style=\"border: 3px solid #7bba48; border-radius: 2px; width: 30%; margin: 30px 35% 20px 35%;\" \/>\n<h3 style=\"text-transform: uppercase; font-size: 22px; text-align: center;\">UNI MACERATA<\/h3>\n<p style=\"text-align: center;\">L\u2019Universit\u00e0 di Macerata \u00e8 un\u2019istituzione culturale focalizzata nel campo delle scienze umane e delle scienze sociali. L\u2019ateneo promuove lo sviluppo del Territorio e delle Comunit\u00e0 con attivit\u00e0 di ricerca e il trasferimento di conoscenze e competenze. \u00c8 un incubatore attento ai mondi del lavoro e delle imprese.<\/p>\n<\/div>\n\t\t<\/div><div id=\"panel-2255-0-1-2\" class=\"widget_text so-panel widget widget_custom_html panel-last-child\" data-index=\"5\" ><div class=\"textwidget custom-html-widget\"><a href=\"https:\/\/www.unimc.it\/it\" class=\"btn-partner\" target=\"_blank\" rel=\"noopener noreferrer\">Vai al sito<\/a><\/div><\/div><\/div><\/div><div id=\"pgc-2255-0-2\"  class=\"panel-grid-cell\" ><div class=\"partner panel-cell-style panel-cell-style-for-2255-0-2\" ><div id=\"panel-2255-0-2-0\" class=\"so-panel widget widget_media_image panel-first-child\" data-index=\"6\" ><img width=\"300\" height=\"180\" src=\"https:\/\/mich.center\/wp-content\/uploads\/2023\/04\/unicas-300x180.png\" class=\"image wp-image-2305  attachment-medium size-medium\" alt=\"Universit\u00e0 degli Studi di Cassino e del Lazio Meridionale\" loading=\"lazy\" style=\"max-width: 100%; height: auto;\" srcset=\"https:\/\/mich.center\/wp-content\/uploads\/2023\/04\/unicas-300x180.png 300w, https:\/\/mich.center\/wp-content\/uploads\/2023\/04\/unicas.png 500w\" sizes=\"(max-width: 300px) 100vw, 300px\" \/><\/div><div id=\"panel-2255-0-2-1\" class=\"so-panel widget widget_text\" data-index=\"7\" >\t\t\t<div class=\"textwidget\"><hr style=\"border: 3px solid #7bba48; border-radius: 2px; width: 30%; margin: 30px 35% 20px 35%;\" \/>\n<h3 style=\"text-transform: uppercase; font-size: 22px; text-align: center;\">Uni Cassino<\/h3>\n<p style=\"text-align: center;\">L&#8217;Universit\u00e0 degli Studi di Cassino e del Lazio Meridionale, nel rispetto dei principi di libert\u00e0, responsabilit\u00e0 e sviluppo sostenibile, promuove la ricerca scientifica in tutte le sue forme, combinando in modo organico e coerente ricerca, didattica e terza missione, in vista del progresso scientifico, culturale, civile ed economico.<\/p>\n<\/div>\n\t\t<\/div><div id=\"panel-2255-0-2-2\" class=\"widget_text so-panel widget widget_custom_html panel-last-child\" data-index=\"8\" ><div class=\"textwidget custom-html-widget\"><a href=\"https:\/\/www.unicas.it\/\" class=\"btn-partner\" target=\"_blank\" rel=\"noopener noreferrer\">Vai al sito<\/a><\/div><\/div><\/div><\/div><\/div><div id=\"pg-2255-1\"  class=\"panel-grid panel-no-style\" ><div id=\"pgc-2255-1-0\"  class=\"panel-grid-cell\" ><div class=\"partner panel-cell-style panel-cell-style-for-2255-1-0\" ><div id=\"panel-2255-1-0-0\" class=\"so-panel widget widget_media_image panel-first-child\" data-index=\"9\" ><img width=\"195\" height=\"83\" src=\"https:\/\/mich.center\/wp-content\/uploads\/2023\/04\/gepafin.png\" class=\"image wp-image-2308  attachment-full size-full\" alt=\"Gepafin\" loading=\"lazy\" style=\"max-width: 100%; height: auto;\" \/><\/div><div id=\"panel-2255-1-0-1\" class=\"so-panel widget widget_text\" data-index=\"10\" >\t\t\t<div class=\"textwidget\"><hr style=\"border: 3px solid #7bba48; border-radius: 2px; width: 30%; margin: 30px 35% 20px 35%;\" \/>\n<h3 style=\"text-transform: uppercase; font-size: 22px; text-align: center;\">Gepafin<\/h3>\n<p style=\"text-align: center;\">Gepafin \u00e8 uno strumento finanziario specializzato per le Piccole e Medie Imprese (PMI) Umbre, che supporta nel reperimento di risorse finanziarie rilasciando garanzie su prestiti bancari, erogando prestiti partecipativi e sostenendo operazioni di incremento di mezzi propri attraverso la sottoscrizione di capitale di rischio e\/o strumenti ibridi di patrimonializzazione.<\/p>\n<\/div>\n\t\t<\/div><div id=\"panel-2255-1-0-2\" class=\"widget_text so-panel widget widget_custom_html panel-last-child\" data-index=\"11\" ><div class=\"textwidget custom-html-widget\"><a href=\"https:\/\/gepafin.it\/\" class=\"btn-partner\" target=\"_blank\" rel=\"noopener noreferrer\">Vai al sito<\/a><\/div><\/div><\/div><\/div><div id=\"pgc-2255-1-1\"  class=\"panel-grid-cell\" ><div class=\"partner panel-cell-style panel-cell-style-for-2255-1-1\" ><div id=\"panel-2255-1-1-0\" class=\"so-panel widget widget_media_image panel-first-child\" data-index=\"12\" ><img width=\"300\" height=\"212\" src=\"https:\/\/mich.center\/wp-content\/uploads\/2023\/04\/egina-300x212.png\" class=\"image wp-image-2311  attachment-medium size-medium\" alt=\"Egina\" loading=\"lazy\" style=\"max-width: 100%; height: auto;\" srcset=\"https:\/\/mich.center\/wp-content\/uploads\/2023\/04\/egina-300x212.png 300w, https:\/\/mich.center\/wp-content\/uploads\/2023\/04\/egina.png 409w\" sizes=\"(max-width: 300px) 100vw, 300px\" \/><\/div><div id=\"panel-2255-1-1-1\" class=\"so-panel widget widget_text\" data-index=\"13\" >\t\t\t<div class=\"textwidget\"><hr style=\"border: 3px solid #7bba48; border-radius: 2px; width: 30%; margin: 30px 35% 20px 35%;\" \/>\n<h3 style=\"text-transform: uppercase; font-size: 22px; text-align: center;\">EGINA<\/h3>\n<p style=\"text-align: center;\">European Grants International Academy \u00e8 un\u2019agenzia, accreditata alla Regione Umbria, per la formazione e la certificazione delle competenze e uno dei principali stakeholder nel campo della progettazione e implementazione di iniziative locali, nazionali ed europee. Collabora con numerosi esperti nel campo dell\u2019educazione, del sociale, della cultura e della trasformazione digitale.<\/p>\n<\/div>\n\t\t<\/div><div id=\"panel-2255-1-1-2\" class=\"widget_text so-panel widget widget_custom_html panel-last-child\" data-index=\"14\" ><div class=\"textwidget custom-html-widget\"><a href=\"https:\/\/www.egina.eu\/\" class=\"btn-partner\" target=\"_blank\" rel=\"noopener noreferrer\">Vai al sito<\/a><\/div><\/div><\/div><\/div><div id=\"pgc-2255-1-2\"  class=\"panel-grid-cell\" ><div class=\"partner panel-cell-style panel-cell-style-for-2255-1-2\" ><div id=\"panel-2255-1-2-0\" class=\"so-panel widget widget_media_image panel-first-child\" data-index=\"15\" ><img width=\"300\" height=\"60\" src=\"https:\/\/mich.center\/wp-content\/uploads\/2023\/04\/value_italy-300x60.jpg\" class=\"image wp-image-2314  attachment-medium size-medium\" alt=\"Value Italy SGR\" loading=\"lazy\" style=\"max-width: 100%; height: auto;\" srcset=\"https:\/\/mich.center\/wp-content\/uploads\/2023\/04\/value_italy-300x60.jpg 300w, https:\/\/mich.center\/wp-content\/uploads\/2023\/04\/value_italy.jpg 504w\" sizes=\"(max-width: 300px) 100vw, 300px\" \/><\/div><div id=\"panel-2255-1-2-1\" class=\"so-panel widget widget_text\" data-index=\"16\" >\t\t\t<div class=\"textwidget\"><hr style=\"border: 3px solid #7bba48; border-radius: 2px; width: 30%; margin: 30px 35% 20px 35%;\" \/>\n<h3 style=\"text-transform: uppercase; font-size: 22px; text-align: center;\">Value Italy<\/h3>\n<p style=\"text-align: center;\">Value Italy SGR \u00e8 una societ\u00e0 indipendente che gestisce fondi di private capital con un\u2019esperienza consolidata nello small e mid-market italiano. Investe nelle medie e piccole imprese, sia di maggioranza che di minoranza, partecipando attivamente nella realizzazione dei piani d\u2019impresa.<\/p>\n<\/div>\n\t\t<\/div><div id=\"panel-2255-1-2-2\" class=\"widget_text so-panel widget widget_custom_html panel-last-child\" data-index=\"17\" ><div class=\"textwidget custom-html-widget\"><a href=\"#\" class=\"btn-partner\" target=\"_blank\" rel=\"noopener noreferrer\">Vai al sito<\/a><\/div><\/div><\/div><\/div><\/div><div id=\"pg-2255-2\"  class=\"panel-grid panel-no-style\" ><div id=\"pgc-2255-2-0\"  class=\"panel-grid-cell\" ><div class=\"partner panel-cell-style panel-cell-style-for-2255-2-0\" ><div id=\"panel-2255-2-0-0\" class=\"so-panel widget widget_media_image panel-first-child\" data-index=\"18\" ><img width=\"300\" height=\"34\" src=\"https:\/\/mich.center\/wp-content\/uploads\/2023\/04\/Intesa_Sanpaolo_logo-300x34.png\" class=\"image wp-image-2317  attachment-medium size-medium\" alt=\"Banca Intesa\" loading=\"lazy\" style=\"max-width: 100%; height: auto;\" srcset=\"https:\/\/mich.center\/wp-content\/uploads\/2023\/04\/Intesa_Sanpaolo_logo-300x34.png 300w, https:\/\/mich.center\/wp-content\/uploads\/2023\/04\/Intesa_Sanpaolo_logo.png 499w\" sizes=\"(max-width: 300px) 100vw, 300px\" \/><\/div><div id=\"panel-2255-2-0-1\" class=\"so-panel widget widget_text\" data-index=\"19\" >\t\t\t<div class=\"textwidget\"><hr style=\"border: 3px solid #7bba48; border-radius: 2px; width: 30%; margin: 30px 35% 20px 35%;\" \/>\n<h3 style=\"text-transform: uppercase; font-size: 22px; text-align: center;\">Banca Intesa<\/h3>\n<p style=\"text-align: center;\">Il Gruppo Intesa Sanpaolo \u00e8 uno dei principali gruppi bancari in Europa con un forte impegno ESG, un posizionamento ai vertici mondiali per l\u2019impatto sociale e grande focus sul clima. \u00c8 leader in Italia in tutti i settori di attivit\u00e0 (retail, corporate e wealth management) e ha una presenza internazionale strategica in 12 Paesi in Europa centro-orientale e in Medio Oriente e Nord Africa.<\/p>\n<\/div>\n\t\t<\/div><div id=\"panel-2255-2-0-2\" class=\"widget_text so-panel widget widget_custom_html panel-last-child\" data-index=\"20\" ><div class=\"textwidget custom-html-widget\"><a href=\"https:\/\/www.intesasanpaolo.com\/\" class=\"btn-partner\" target=\"_blank\" rel=\"noopener noreferrer\">Vai al sito<\/a><\/div><\/div><\/div><\/div><div id=\"pgc-2255-2-1\"  class=\"panel-grid-cell\" ><div class=\"partner panel-cell-style panel-cell-style-for-2255-2-1\" ><div id=\"panel-2255-2-1-0\" class=\"so-panel widget widget_media_image panel-first-child\" data-index=\"21\" ><img width=\"300\" height=\"85\" src=\"https:\/\/mich.center\/wp-content\/uploads\/2023\/04\/camera-di-commercio-terni-300x85.jpg\" class=\"image wp-image-2320  attachment-medium size-medium\" alt=\"Camera di Commercio Terni\" loading=\"lazy\" style=\"max-width: 100%; height: auto;\" srcset=\"https:\/\/mich.center\/wp-content\/uploads\/2023\/04\/camera-di-commercio-terni-300x85.jpg 300w, https:\/\/mich.center\/wp-content\/uploads\/2023\/04\/camera-di-commercio-terni-768x218.jpg 768w, https:\/\/mich.center\/wp-content\/uploads\/2023\/04\/camera-di-commercio-terni-600x171.jpg 600w, https:\/\/mich.center\/wp-content\/uploads\/2023\/04\/camera-di-commercio-terni.jpg 1024w\" sizes=\"(max-width: 300px) 100vw, 300px\" \/><\/div><div id=\"panel-2255-2-1-1\" class=\"so-panel widget widget_text\" data-index=\"22\" >\t\t\t<div class=\"textwidget\"><hr style=\"border: 3px solid #7bba48; border-radius: 2px; width: 30%; margin: 30px 35% 20px 35%;\" \/>\n<h3 style=\"text-transform: uppercase; font-size: 22px; text-align: center;\">Camera Commercio Terni<\/h3>\n<p style=\"text-align: center;\">La Camera di Commercio di Terni \u00e8 un ente pubblico che sostiene servizi e progetti a favore della crescita delle imprese e che attua iniziative per favorirne l&#8217;accesso al credito, accrescere l&#8217;innovazione e trasferire le tecnologie, promuovere le produzioni locali in Italia e all&#8217;estero, tutelare l&#8217;ambiente nell&#8217;esercizio dell&#8217;attivit\u00e0 d&#8217;impresa, sviluppare le infrastrutture e valorizzare le risorse del territorio.<\/p>\n<\/div>\n\t\t<\/div><div id=\"panel-2255-2-1-2\" class=\"widget_text so-panel widget widget_custom_html panel-last-child\" data-index=\"23\" ><div class=\"textwidget custom-html-widget\"><a href=\"https:\/\/www.tr.camcom.gov.it\/\" class=\"btn-partner\" target=\"_blank\" rel=\"noopener noreferrer\">Vai al sito<\/a><\/div><\/div><\/div><\/div><div id=\"pgc-2255-2-2\"  class=\"panel-grid-cell\" ><div class=\"partner panel-cell-style panel-cell-style-for-2255-2-2\" ><div id=\"panel-2255-2-2-0\" class=\"so-panel widget widget_media_image panel-first-child\" data-index=\"24\" ><img width=\"247\" height=\"61\" src=\"https:\/\/mich.center\/wp-content\/uploads\/2023\/04\/obdc.png\" class=\"image wp-image-2323  attachment-full size-full\" alt=\"Open Business for Community Development\" loading=\"lazy\" style=\"max-width: 100%; height: auto;\" \/><\/div><div id=\"panel-2255-2-2-1\" class=\"so-panel widget widget_text\" data-index=\"25\" >\t\t\t<div class=\"textwidget\"><hr style=\"border: 3px solid #7bba48; border-radius: 2px; width: 30%; margin: 30px 35% 20px 35%;\" \/>\n<h3 style=\"text-transform: uppercase; font-size: 22px; text-align: center;\">OBDC<\/h3>\n<p style=\"text-align: center;\">Open Business for Community Development \u00e8 un progetto che si fonda sulla necessit\u00e0 di combinare crescita economica e innovazione sociale e mira a creare societ\u00e0 ed economie pi\u00f9 inclusive, creative e sostenibili. Il progetto analizza come i modelli di open business applicati all\u2019imprenditoria sociale (IS) possano contribuire allo sviluppo locale.<\/p>\n<\/div>\n\t\t<\/div><div id=\"panel-2255-2-2-2\" class=\"widget_text so-panel widget widget_custom_html panel-last-child\" data-index=\"26\" ><div class=\"textwidget custom-html-widget\"><a href=\"https:\/\/www.obcdproject.eu\/it\/homepage\/\" class=\"btn-partner\" target=\"_blank\" rel=\"noopener noreferrer\">Vai al sito<\/a><\/div><\/div><\/div><\/div><\/div><div id=\"pg-2255-3\"  class=\"panel-grid panel-no-style\" ><div id=\"pgc-2255-3-0\"  class=\"panel-grid-cell\" ><div class=\"partner panel-cell-style panel-cell-style-for-2255-3-0\" ><div id=\"panel-2255-3-0-0\" class=\"so-panel widget widget_media_image panel-first-child\" data-index=\"27\" ><img width=\"230\" height=\"99\" src=\"https:\/\/mich.center\/wp-content\/uploads\/2023\/04\/CeRICT_logo.png\" class=\"image wp-image-2326  attachment-full size-full\" alt=\"Centro Regionale Information Communication\" loading=\"lazy\" style=\"max-width: 100%; height: auto;\" \/><\/div><div id=\"panel-2255-3-0-1\" class=\"so-panel widget widget_text\" data-index=\"28\" >\t\t\t<div class=\"textwidget\"><hr style=\"border: 3px solid #7bba48; border-radius: 2px; width: 30%; margin: 30px 35% 20px 35%;\" \/>\n<h3 style=\"text-transform: uppercase; font-size: 22px; text-align: center;\">CERICT<\/h3>\n<p style=\"text-align: center;\">Il Centro Regionale Information Communication Technology \u00e8 un organismo di ricerca che progetta e realizza servizi\/prodotti innovativi in un\u2019ottica di integrazione con le attivit\u00e0 di Universit\u00e0, Centri di Ricerca Pubblici, Imprese e Centri di Ricerca Industriali. Opera sia nel dominio applicativo ICT che in altri rispetto ai quali esso \u00e8 trasversale (trasporti, sanit\u00e0, PA, ambiente, biotecnologie, etc.), realizzando progetti di ricerca applicata.<\/p>\n<\/div>\n\t\t<\/div><div id=\"panel-2255-3-0-2\" class=\"widget_text so-panel widget widget_custom_html panel-last-child\" data-index=\"29\" ><div class=\"textwidget custom-html-widget\"><a href=\"https:\/\/www.cerict.it\/it\/\" class=\"btn-partner\" target=\"_blank\" rel=\"noopener noreferrer\">Vai al sito<\/a><\/div><\/div><\/div><\/div><div id=\"pgc-2255-3-1\"  class=\"panel-grid-cell\" ><div class=\"partner panel-cell-style panel-cell-style-for-2255-3-1\" ><div id=\"panel-2255-3-1-0\" class=\"so-panel widget widget_media_image panel-first-child\" data-index=\"30\" ><img width=\"300\" height=\"187\" src=\"https:\/\/mich.center\/wp-content\/uploads\/2023\/04\/Logo_Invitalia-300x187.png\" class=\"image wp-image-2329  attachment-medium size-medium\" alt=\"Invitalia\" loading=\"lazy\" style=\"max-width: 100%; height: auto;\" srcset=\"https:\/\/mich.center\/wp-content\/uploads\/2023\/04\/Logo_Invitalia-300x187.png 300w, https:\/\/mich.center\/wp-content\/uploads\/2023\/04\/Logo_Invitalia-600x374.png 600w, https:\/\/mich.center\/wp-content\/uploads\/2023\/04\/Logo_Invitalia.png 765w\" sizes=\"(max-width: 300px) 100vw, 300px\" \/><\/div><div id=\"panel-2255-3-1-1\" class=\"so-panel widget widget_text\" data-index=\"31\" >\t\t\t<div class=\"textwidget\"><hr style=\"border: 3px solid #7bba48; border-radius: 2px; width: 30%; margin: 30px 35% 20px 35%;\" \/>\n<h3 style=\"text-transform: uppercase; font-size: 22px; text-align: center;\">INVITALIA<\/h3>\n<p style=\"text-align: center;\">Invitalia \u00e8 l&#8217;Agenzia nazionale per lo sviluppo di propriet\u00e0 del Ministero dell&#8217;Economia le cui iniziative sono volte a dare impulso alla crescita economica del Paese, puntando sui settori strategici per lo sviluppo e l&#8217;occupazione. Invitalia \u00e8 impegnata nel rilancio delle aree di crisi e opera in particolare nel Mezzogiorno.<\/p>\n<\/div>\n\t\t<\/div><div id=\"panel-2255-3-1-2\" class=\"widget_text so-panel widget widget_custom_html panel-last-child\" data-index=\"32\" ><div class=\"textwidget custom-html-widget\"><a href=\"https:\/\/www.invitalia.it\/\" class=\"btn-partner\" target=\"_blank\" rel=\"noopener noreferrer\">Vai al sito<\/a><\/div><\/div><\/div><\/div><div id=\"pgc-2255-3-2\"  class=\"panel-grid-cell\" ><div class=\"partner panel-cell-style panel-cell-style-for-2255-3-2\" ><div id=\"panel-2255-3-2-0\" class=\"so-panel widget widget_media_image panel-first-child\" data-index=\"33\" ><img width=\"300\" height=\"57\" src=\"https:\/\/mich.center\/wp-content\/uploads\/2023\/04\/confartigianato-imprese-terni-300x57.png\" class=\"image wp-image-2335  attachment-medium size-medium\" alt=\"Confartigianato Imprese Terni\" loading=\"lazy\" style=\"max-width: 100%; height: auto;\" srcset=\"https:\/\/mich.center\/wp-content\/uploads\/2023\/04\/confartigianato-imprese-terni-300x57.png 300w, https:\/\/mich.center\/wp-content\/uploads\/2023\/04\/confartigianato-imprese-terni.png 444w\" sizes=\"(max-width: 300px) 100vw, 300px\" \/><\/div><div id=\"panel-2255-3-2-1\" class=\"so-panel widget widget_text\" data-index=\"34\" >\t\t\t<div class=\"textwidget\"><hr style=\"border: 3px solid #7bba48; border-radius: 2px; width: 30%; margin: 30px 35% 20px 35%;\" \/>\n<h3 style=\"text-transform: uppercase; font-size: 22px; text-align: center;\">Confartigianato Imprese Terni<\/h3>\n<p style=\"text-align: center;\">Confartigianato Imprese Terni \u00e8 la pi\u00f9 grande Associazione di categoria della provincia dell\u2019artigianato e delle piccole imprese che opera con l\u2019intento di promuovere e tutelare gli interessi dell\u2019artigianato provinciale, coordinare e coadiuvare l\u2019attivit\u00e0 delle categorie, curare studio, regolamentazione e disciplina dei contratti integrativi provinciali di lavoro, favorire la collaborazione fra le aziende.<\/p>\n<\/div>\n\t\t<\/div><div id=\"panel-2255-3-2-2\" class=\"widget_text so-panel widget widget_custom_html panel-last-child\" data-index=\"35\" ><div class=\"textwidget custom-html-widget\"><a href=\"https:\/\/www.confartigianatoterni.it\/\" class=\"btn-partner\" target=\"_blank\" rel=\"noopener noreferrer\">Vai al sito<\/a><\/div><\/div><\/div><\/div><\/div><div id=\"pg-2255-4\"  class=\"panel-grid panel-no-style\" ><div id=\"pgc-2255-4-0\"  class=\"panel-grid-cell\" ><div class=\"partner panel-cell-style panel-cell-style-for-2255-4-0\" ><div id=\"panel-2255-4-0-0\" class=\"so-panel widget widget_media_image panel-first-child\" data-index=\"36\" ><img width=\"247\" height=\"79\" src=\"https:\/\/mich.center\/wp-content\/uploads\/2023\/04\/meccanoClassic.png\" class=\"image wp-image-2332  attachment-full size-full\" alt=\"Meccano\" loading=\"lazy\" style=\"max-width: 100%; height: auto;\" \/><\/div><div id=\"panel-2255-4-0-1\" class=\"so-panel widget widget_text\" data-index=\"37\" >\t\t\t<div class=\"textwidget\"><hr style=\"border: 3px solid #7bba48; border-radius: 2px; width: 30%; margin: 30px 35% 20px 35%;\" \/>\n<h3 style=\"text-transform: uppercase; font-size: 22px; text-align: center;\">Meccano<\/h3>\n<p style=\"text-align: center;\">Meccano \u00e8 un\u2019azienda che opera al fine di accrescere una cultura aziendale basata su ricerca e sviluppo, innovazione e qualit\u00e0, fattori strategici per la competitivit\u00e0 delle imprese italiane, garantendo l&#8217;introduzione di tecnologie innovative con un processo di inserimento guidato indirizzato alla cultura dell&#8217;innovazione su misura e all&#8217;identificazione e valorizzazione dei  vantaggi distintivi del sistema impresa.<\/p>\n<\/div>\n\t\t<\/div><div id=\"panel-2255-4-0-2\" class=\"widget_text so-panel widget widget_custom_html panel-last-child\" data-index=\"38\" ><div class=\"textwidget custom-html-widget\"><a href=\"https:\/\/www.meccano.it\/index.php\" class=\"btn-partner\" target=\"_blank\" rel=\"noopener noreferrer\">Vai al sito<\/a><\/div><\/div><\/div><\/div><div id=\"pgc-2255-4-1\"  class=\"panel-grid-cell panel-grid-cell-mobile-last\" ><div class=\"partner panel-cell-style panel-cell-style-for-2255-4-1\" ><div id=\"panel-2255-4-1-0\" class=\"so-panel widget widget_media_image panel-first-child\" data-index=\"39\" ><img width=\"300\" height=\"65\" src=\"https:\/\/mich.center\/wp-content\/uploads\/2023\/04\/logoScientifica-300x65.png\" class=\"image wp-image-2338  attachment-medium size-medium\" alt=\"Scientifica\" loading=\"lazy\" style=\"max-width: 100%; height: auto;\" srcset=\"https:\/\/mich.center\/wp-content\/uploads\/2023\/04\/logoScientifica-300x65.png 300w, https:\/\/mich.center\/wp-content\/uploads\/2023\/04\/logoScientifica-1024x221.png 1024w, https:\/\/mich.center\/wp-content\/uploads\/2023\/04\/logoScientifica-768x166.png 768w, https:\/\/mich.center\/wp-content\/uploads\/2023\/04\/logoScientifica-1536x332.png 1536w, https:\/\/mich.center\/wp-content\/uploads\/2023\/04\/logoScientifica-2048x442.png 2048w, https:\/\/mich.center\/wp-content\/uploads\/2023\/04\/logoScientifica-600x130.png 600w\" sizes=\"(max-width: 300px) 100vw, 300px\" \/><\/div><div id=\"panel-2255-4-1-1\" class=\"so-panel widget widget_text\" data-index=\"40\" >\t\t\t<div class=\"textwidget\"><hr style=\"border: 3px solid #7bba48; border-radius: 2px; width: 30%; margin: 30px 35% 20px 35%;\" \/>\n<h3 style=\"text-transform: uppercase; font-size: 22px; text-align: center;\">Scientifica<\/h3>\n<p style=\"text-align: center;\">Scientifica Venture Capital \u00e8 un innovativo venture capital che investe nelle aree manifattura avanzata, materiali avanzati, intelligenza artificiale e tecnologie quantistiche nelle fasi pre seed, seed ed early stage, selezionando progetti e start-up dall&#8217;elevato sottostante tecnologico.<\/p>\n<\/div>\n\t\t<\/div><div id=\"panel-2255-4-1-2\" class=\"widget_text so-panel widget widget_custom_html panel-last-child\" data-index=\"41\" ><div class=\"textwidget custom-html-widget\"><a href=\"https:\/\/scientifica.vc\/#\/home\" class=\"btn-partner\" target=\"_blank\" rel=\"noopener noreferrer\">Vai al sito<\/a><\/div><\/div><\/div><\/div><div id=\"pgc-2255-4-2\"  class=\"panel-grid-cell panel-grid-cell-empty\" ><div class=\"partner panel-cell-style panel-cell-style-for-2255-4-2\" ><\/div><\/div><\/div><\/div>","protected":false},"excerpt":{"rendered":"<p>AGCI L\u2019 A.G.C.I., coerentemente con i principi statutari e lo spirito riformatore e progressista, \u00e8 un&#8217;associazione impegnata nell&#8217;elaborazione di un [&hellip;]<\/p>\n","protected":false},"author":1,"featured_media":0,"parent":0,"menu_order":0,"comment_status":"closed","ping_status":"closed","template":"","meta":[],"yoast_head":"<!-- This site is optimized with the Yoast SEO plugin v15.6.2 - https:\/\/yoast.com\/wordpress\/plugins\/seo\/ -->\n<title>Partner - MICH<\/title>\n<meta name=\"robots\" content=\"index, follow, max-snippet:-1, max-image-preview:large, max-video-preview:-1\" \/>\n<link rel=\"canonical\" href=\"https:\/\/mich.center\/index.php\/home\/index.php\/partner\/\" \/>\n<meta property=\"og:locale\" content=\"it_IT\" \/>\n<meta property=\"og:type\" content=\"article\" \/>\n<meta property=\"og:title\" content=\"Partner - MICH\" \/>\n<meta property=\"og:description\" content=\"AGCI L\u2019 A.G.C.I., coerentemente con i principi statutari e lo spirito riformatore e progressista, \u00e8 un&#039;associazione impegnata nell&#039;elaborazione di un [&hellip;]\" \/>\n<meta property=\"og:url\" content=\"https:\/\/mich.center\/index.php\/home\/index.php\/partner\/\" \/>\n<meta property=\"og:site_name\" content=\"MICH\" \/>\n<meta property=\"article:modified_time\" content=\"2025-03-04T08:35:49+00:00\" \/>\n<meta name=\"twitter:card\" content=\"summary_large_image\" \/>\n<meta name=\"twitter:label1\" content=\"Tempo di lettura stimato\">\n\t<meta name=\"twitter:data1\" content=\"2 minuti\">\n<script type=\"application\/ld+json\" class=\"yoast-schema-graph\">{\"@context\":\"https:\/\/schema.org\",\"@graph\":[{\"@type\":\"WebSite\",\"@id\":\"https:\/\/mich.center\/#website\",\"url\":\"https:\/\/mich.center\/\",\"name\":\"MICH\",\"description\":\"Maestrale Innovation Creative Hub\",\"potentialAction\":[{\"@type\":\"SearchAction\",\"target\":\"https:\/\/mich.center\/?s={search_term_string}\",\"query-input\":\"required name=search_term_string\"}],\"inLanguage\":\"it-IT\"},{\"@type\":\"WebPage\",\"@id\":\"https:\/\/mich.center\/index.php\/home\/index.php\/partner\/#webpage\",\"url\":\"https:\/\/mich.center\/index.php\/home\/index.php\/partner\/\",\"name\":\"Partner - MICH\",\"isPartOf\":{\"@id\":\"https:\/\/mich.center\/#website\"},\"datePublished\":\"2023-04-11T11:00:54+00:00\",\"dateModified\":\"2025-03-04T08:35:49+00:00\",\"inLanguage\":\"it-IT\",\"potentialAction\":[{\"@type\":\"ReadAction\",\"target\":[\"https:\/\/mich.center\/index.php\/home\/index.php\/partner\/\"]}]}]}<\/script>\n<!-- \/ Yoast SEO plugin. -->","_links":{"self":[{"href":"https:\/\/mich.center\/index.php\/wp-json\/wp\/v2\/pages\/2255"}],"collection":[{"href":"https:\/\/mich.center\/index.php\/wp-json\/wp\/v2\/pages"}],"about":[{"href":"https:\/\/mich.center\/index.php\/wp-json\/wp\/v2\/types\/page"}],"author":[{"embeddable":true,"href":"https:\/\/mich.center\/index.php\/wp-json\/wp\/v2\/users\/1"}],"replies":[{"embeddable":true,"href":"https:\/\/mich.center\/index.php\/wp-json\/wp\/v2\/comments?post=2255"}],"version-history":[{"count":164,"href":"https:\/\/mich.center\/index.php\/wp-json\/wp\/v2\/pages\/2255\/revisions"}],"predecessor-version":[{"id":2502,"href":"https:\/\/mich.center\/index.php\/wp-json\/wp\/v2\/pages\/2255\/revisions\/2502"}],"wp:attachment":[{"href":"https:\/\/mich.center\/index.php\/wp-json\/wp\/v2\/media?parent=2255"}],"curies":[{"name":"wp","href":"https:\/\/api.w.org\/{rel}","templated":true}]}}